{"id":254,"date":"2023-11-17T14:35:07","date_gmt":"2023-11-17T13:35:07","guid":{"rendered":"https:\/\/konferencje.umw.edu.pl\/eksperymentymedyczne\/?page_id=254"},"modified":"2024-04-03T12:54:16","modified_gmt":"2024-04-03T10:54:16","slug":"o-konferencji","status":"publish","type":"page","link":"https:\/\/konferencje.umw.edu.pl\/eksperymentymedyczne\/o-konferencji\/","title":{"rendered":"O konferencji"},"content":{"rendered":"<p><strong>\u201ePrawne i etyczne aspekty prowadzenia eksperyment\u00f3w medycznych\u201d\u00a0 <\/strong><\/p>\n<p>Serdecznie zapraszamy Pa\u0144stwa do udzia\u0142u w konferencji \u201ePrawne i etyczne aspekty prowadzenia eksperyment\u00f3w medycznych\u201d, organizowanej przez Uniwersytet Medyczny we Wroc\u0142awiu (dalej UMW) pod przewodnictwem Kierownika Naukowego dr. hab. Tomasza Jurka, prof. uczelni, Kierownika Katedry Medycyny S\u0105dowej Uniwersytetu Medycznego we Wroc\u0142awiu we wsp\u00f3\u0142pracy z Centrum Kszta\u0142cenia Podyplomowego Uniwersytetu Medycznego we Wroc\u0142awiu oraz Dolno\u015bl\u0105sk\u0105 Izb\u0105 Lekarsk\u0105, kt\u00f3ra odb\u0119dzie si\u0119 w dniu 7 czerwca 2024 r. w sali im. L. Kuczy\u0144skiego \u2013 W1, na Wydziale Farmacji Uniwersytetu Medycznego im. Piast\u00f3w \u015al\u0105skich we Wroc\u0142awiu (ul. Borowska 211, Wroc\u0142aw).<\/p>\n<p style=\"text-align: justify\"><b><span lang=\"PL\" style=\"font-size: 10.0pt;font-family: 'Tahoma',sans-serif\">W ramach konferencji przyznane b\u0119d\u0105 4 punkty edukacyjne.<\/span><\/b><\/p>\n<p style=\"text-align: justify\"><b><span lang=\"PL\" style=\"font-size: 10.0pt;font-family: 'Tahoma',sans-serif\">Ponadto za udzia\u0142 w konferencji b\u0119dzie przyznawana Odznaka+ w systemie cyfrowym Open Badges.<\/span><\/b><\/p>\n<p>Nowelizacja ustawy o zawodach lekarza i lekarza dentysty (2021), nowa ustawa o badaniach klinicznych produkt\u00f3w leczniczych stosowanych u ludzi (2023) i rozporz\u0105dzenie Ministra Zdrowia w sprawie komisji bioetycznej oraz Odwo\u0142awczej Komisji Bioetycznej (2023) to akty prawne, kt\u00f3re w ci\u0105gu ostatnich lat zmieni\u0142y realia funkcjonowania Komisji Bioetycznych. By\u0142y one niezb\u0119dne &#8211; zmieniaj\u0105 prawo krajowe i dostosowuj\u0105 je do wsp\u00f3\u0142czesnych norm bioetycznych poszerzaj\u0105cych zakres ochrony autonomii cz\u0142owieka.<\/p>\n<p>Nowe rozwi\u0105zania formalne, zmiana sposobu my\u015blenia, spe\u0142nienie nowych kryteri\u00f3w eksperyment\u00f3w medycznych to wyzwanie nie tylko dla cz\u0142onk\u00f3w komisji ale przede wszystkim dla badaczy oraz przedstawicieli zawod\u00f3w zwi\u0105zanych z medycyn\u0105. Konferencja ma odpowiedzie\u0107 na wiele pyta\u0144 nurtuj\u0105cych \u015brodowisko, sk\u0142oni\u0107 do dyskusji, pozwoli\u0107 na wymian\u0119 pogl\u0105d\u00f3w. Potrzeba takich spotka\u0144 jest olbrzymia \u2013 wyp\u0142ywa ona z konieczno\u015bci znalezienia wsp\u00f3lnej drogi, kt\u00f3r\u0105 powinni kroczy\u0107 przedstawiciele \u015bwiata medycyny, prawa i bioetyki.<\/p>\n<p>Adresatami wydarzenia s\u0105 przedstawiciele \u015brodowiska medycznego jak i prawniczego m.in.: cz\u0142onkowie komisji bioetycznych, cz\u0142onkowie Odwo\u0142awczej Komisji Bioetycznej, pracownicy uczelni, kadra medyczna, specjali\u015bci z dziedziny prawa, doktoranci, studenci uczelni medycznych oraz studenci wydzia\u0142\u00f3w prawa uczelni wy\u017cszych, a tak\u017ce wszystkie osoby, kt\u00f3re interesuj\u0105 si\u0119 niniejsz\u0105 tematyk\u0105 b\u0105d\u017a zwi\u0105zani s\u0105 z ni\u0105 w pracy zawodowej.<\/p>\n<p>Podczas konferencji zaplanowane zosta\u0142y dyskusje panelowe i wsp\u00f3lna debata odno\u015bnie etycznych i prawnych aspekt\u00f3w wykorzystania ludzkiego materia\u0142u biologicznego do cel\u00f3w naukowych.<\/p>\n<p>Planowana przez UMW konferencja b\u0119dzie wydarzeniem dla \u015brodowiska medycznego jak i prawniczego niezwykle istotnym. W trakcie konferencji oraz podczas wsp\u00f3lnej debaty omawiane b\u0119d\u0105 kwestie codziennych problem\u00f3w z jakimi spotykaj\u0105 si\u0119 Komisje Bioetyczne.<\/p>\n<p>Tematyka konferencji dotyczy\u0107 b\u0119dzie kwestii, kt\u00f3re \u0142\u0105cz\u0105 si\u0119 z najwa\u017cniejszym ogniwem eksperyment\u00f3w medycznych, a mianowicie uczestnikiem. Omawiane b\u0119d\u0105 kwestie m.in. obowi\u0105zku informacyjnego wobec uczestnika, czy te\u017c jego zgody na uczestnictwo w eksperymencie medycznym. Dodatkowo poruszana b\u0119dzie kwestia tajemnicy oraz ochrony prywatno\u015bci w eksperymentach medycznych.<\/p>\n<p>Do zobaczenia we Wroc\u0142awiu.<\/p>\n","protected":false},"excerpt":{"rendered":"<p>\u201ePrawne i etyczne aspekty prowadzenia eksperyment\u00f3w medycznych\u201d\u00a0 Serdecznie zapraszamy Pa\u0144stwa do udzia\u0142u w konferencji \u201ePrawne i etyczne aspekty prowadzenia eksperyment\u00f3w medycznych\u201d, organizowanej przez Uniwersytet Medyczny we Wroc\u0142awiu (dalej UMW) pod przewodnictwem Kierownika Naukowego dr. hab. Tomasza Jurka, prof. uczelni, Kierownika Katedry Medycyny S\u0105dowej Uniwersytetu Medycznego we Wroc\u0142awiu we wsp\u00f3\u0142pracy z Centrum Kszta\u0142cenia Podyplomowego Uniwersytetu Medycznego<\/p>\n<div><a class=\"btn-filled btn\" href=\"https:\/\/konferencje.umw.edu.pl\/eksperymentymedyczne\/o-konferencji\/\" title=\"O konferencji\">Dowiedz si\u0119 wi\u0119cej<\/a><\/div>\n","protected":false},"author":21,"featured_media":0,"parent":0,"menu_order":0,"comment_status":"closed","ping_status":"closed","template":"","meta":{"footnotes":""},"class_list":["post-254","page","type-page","status-publish","hentry"],"_links":{"self":[{"href":"https:\/\/konferencje.umw.edu.pl\/eksperymentymedyczne\/wp-json\/wp\/v2\/pages\/254","targetHints":{"allow":["GET"]}}],"collection":[{"href":"https:\/\/konferencje.umw.edu.pl\/eksperymentymedyczne\/wp-json\/wp\/v2\/pages"}],"about":[{"href":"https:\/\/konferencje.umw.edu.pl\/eksperymentymedyczne\/wp-json\/wp\/v2\/types\/page"}],"author":[{"embeddable":true,"href":"https:\/\/konferencje.umw.edu.pl\/eksperymentymedyczne\/wp-json\/wp\/v2\/users\/21"}],"replies":[{"embeddable":true,"href":"https:\/\/konferencje.umw.edu.pl\/eksperymentymedyczne\/wp-json\/wp\/v2\/comments?post=254"}],"version-history":[{"count":6,"href":"https:\/\/konferencje.umw.edu.pl\/eksperymentymedyczne\/wp-json\/wp\/v2\/pages\/254\/revisions"}],"predecessor-version":[{"id":360,"href":"https:\/\/konferencje.umw.edu.pl\/eksperymentymedyczne\/wp-json\/wp\/v2\/pages\/254\/revisions\/360"}],"wp:attachment":[{"href":"https:\/\/konferencje.umw.edu.pl\/eksperymentymedyczne\/wp-json\/wp\/v2\/media?parent=254"}],"curies":[{"name":"wp","href":"https:\/\/api.w.org\/{rel}","templated":true}]}}