{"id":259,"date":"2023-11-17T14:38:41","date_gmt":"2023-11-17T13:38:41","guid":{"rendered":"https:\/\/konferencje.umw.edu.pl\/eksperymentymedyczne\/?page_id=259"},"modified":"2024-05-28T10:14:24","modified_gmt":"2024-05-28T08:14:24","slug":"program","status":"publish","type":"page","link":"https:\/\/konferencje.umw.edu.pl\/eksperymentymedyczne\/program\/","title":{"rendered":"Program"},"content":{"rendered":"<p>9:00 -9:15 Otwarcie Konferencji<\/p>\n<p>&nbsp;<\/p>\n<table  class=\" table table-hover\" width=\"699\">\n<tbody>\n<tr>\n<td width=\"85\">SESJA I<\/p>\n<p>9:15 \u2013 12:00<\/td>\n<td width=\"312\">WYK\u0141AD<\/td>\n<td width=\"302\">PROWADZ\u0104CY<\/td>\n<\/tr>\n<tr>\n<td width=\"85\">9:15 \u2013 9:40<\/td>\n<td width=\"312\">Wyk\u0142ad wprowadzaj\u0105cy:<\/p>\n<p>Wyzwania dla komisji bioetycznych po nowelizacji ustawy o zawodach lekarza i lekarza dentysty<\/p>\n<p>&nbsp;<\/td>\n<td width=\"302\">Dr hab. Tomasz Jurek, prof. Uczelni UMW, Przewodnicz\u0105cy Komisji Bioetycznej przy UMW<\/td>\n<\/tr>\n<tr>\n<td width=\"85\">9:40 \u2013 10:00<\/td>\n<td width=\"312\">Obowi\u0105zek informacyjny wobec uczestnika eksperymentu medycznego<\/p>\n<p>&nbsp;<\/td>\n<td width=\"302\">Dr hab. Agata Wnukiewicz &#8211; Koz\u0142owska, Uniwersytet Wroc\u0142awski<\/td>\n<\/tr>\n<tr>\n<td width=\"85\">10:05\u201310:30<\/td>\n<td width=\"312\">Zgoda uczestnika eksperymentu na ludzkim materiale biologicznym<\/p>\n<p>&nbsp;<\/td>\n<td width=\"302\">r.pr. Anna Ole\u0144ska, UMW<\/td>\n<\/tr>\n<tr>\n<td width=\"85\">10:30-10:50<\/td>\n<td width=\"312\">Ochrona prywatno\u015bci w badaniach naukowych z wykorzystaniem ludzkiego materia\u0142u genetycznego<\/td>\n<td width=\"302\">Prof. dr hab. Micha\u0142 Witt,<\/p>\n<p>Instytut Genetyki Cz\u0142owieka PAN<\/td>\n<\/tr>\n<tr>\n<td width=\"85\">10:55-11:15<\/td>\n<td width=\"312\">Ochrona danych osobowych uczestnik\u00f3w eksperymentu medycznego, w tym badania klinicznego \u2013 rola badacza.<\/td>\n<td width=\"302\">Mgr Iwona Pilarska \u2013 IOD UMW<\/td>\n<\/tr>\n<tr>\n<td width=\"85\">11:20-11:50<\/td>\n<td width=\"312\">Ubezpieczenie eksperyment\u00f3w medycznych\u00a0&#8211; od teorii do praktyki<\/p>\n<p>&nbsp;<\/td>\n<td width=\"302\">r.pr. Kamila Cal-Ca\u0142ko, Dyrektor Oddzia\u0142u Mentor SA we Wroc\u0142awiu,<\/p>\n<p>Krzysztof Tomaszewicz, Z-ca Dyrektora Biura, Dzia\u0142 Ubezpiecze\u0144 Bada\u0144 i Eksperyment\u00f3w, Mentor SA<\/td>\n<\/tr>\n<\/tbody>\n<\/table>\n<p>&nbsp;<\/p>\n<p>12:00 \u2013 12:20 Przerwa kawowa<\/p>\n<p>&nbsp;<\/p>\n<table  class=\" table table-hover\" width=\"699\">\n<tbody>\n<tr>\n<td width=\"85\">SESJA II<\/p>\n<p>12:20 \u2013 15:00<\/td>\n<td width=\"312\">WYK\u0141AD<\/td>\n<td width=\"302\">PROWADZ\u0104CY<\/td>\n<\/tr>\n<tr>\n<td width=\"85\">12:20-12:40<\/td>\n<td width=\"312\">Przygotowanie i ocena wniosku o przeprowadzenie eksperymentu medycznego (badania klinicznego)<\/td>\n<td width=\"302\">Prof. dr hab. Joanna Haberko<\/p>\n<p>Uniwersytet Adama Mickiewicza w Poznaniu<\/td>\n<\/tr>\n<tr>\n<td width=\"85\">12:45-13:05<\/td>\n<td width=\"312\">Badania ankietowe jako eksperyment medyczny<\/p>\n<p>&nbsp;<\/td>\n<td width=\"302\">Dr hab. Tomasz Sroka,<\/p>\n<p>Uniwersytet Jagiello\u0144ski<\/td>\n<\/tr>\n<tr>\n<td width=\"85\">13:10-13:30<\/td>\n<td width=\"312\">Od pomys\u0142u do realizacji: Najcz\u0119\u015bciej spotykane trudno\u015bci w procesie ubezpieczenia eksperyment\u00f3w na Uczelniach Wy\u017cszych \u2013 analiza przypadk\u00f3w<\/td>\n<td width=\"302\">Krzysztof Tomaszewicz, Z-ca Dyrektora Biura, Dzia\u0142 Ubezpiecze\u0144 Bada\u0144 i Eksperyment\u00f3w, Mentor SA<\/td>\n<\/tr>\n<tr>\n<td width=\"85\">13:35\u201313:55<\/td>\n<td width=\"312\">Posttraumatyczna aksjologia medyczna &#8211; wok\u00f3\u0142 Kodeksu Norymberskiego<\/p>\n<p>&nbsp;<\/td>\n<td width=\"302\">Prof. dr hab. Jaros\u0142aw Bara\u0144ski,<\/p>\n<p>UMW<\/td>\n<\/tr>\n<tr>\n<td width=\"85\">14:00-14:20<\/td>\n<td width=\"312\">Odpowiedzialno\u015b\u0107 karna zwi\u0105zana z eksperymentem medycznym<\/p>\n<p>&nbsp;<\/td>\n<td width=\"302\">Dr hab. Rafa\u0142 Kubiak, prof. Uczelni<\/p>\n<p>Uniwersytet \u0141\u00f3dzki<\/td>\n<\/tr>\n<tr>\n<td width=\"85\">14:25-14:50<\/td>\n<td width=\"312\">Dyskusja<\/p>\n<p>&nbsp;<\/td>\n<td width=\"302\">&nbsp;<\/td>\n<\/tr>\n<tr>\n<td width=\"85\">15:00<\/td>\n<td width=\"312\">Zamkni\u0119cie konferencji<\/td>\n<td width=\"302\">&nbsp;<\/td>\n<\/tr>\n<\/tbody>\n<\/table>\n<p>&nbsp;<\/p>\n<p>15:15 \u2013 16:00 Lunch<\/p>\n","protected":false},"excerpt":{"rendered":"<p>9:00 -9:15 Otwarcie Konferencji &nbsp; SESJA I 9:15 \u2013 12:00 WYK\u0141AD PROWADZ\u0104CY 9:15 \u2013 9:40 Wyk\u0142ad wprowadzaj\u0105cy: Wyzwania dla komisji bioetycznych po nowelizacji ustawy o zawodach lekarza i lekarza dentysty &nbsp; Dr hab. Tomasz Jurek, prof. Uczelni UMW, Przewodnicz\u0105cy Komisji Bioetycznej przy UMW 9:40 \u2013 10:00 Obowi\u0105zek informacyjny wobec uczestnika eksperymentu medycznego &nbsp; Dr hab.<\/p>\n<div><a class=\"btn-filled btn\" href=\"https:\/\/konferencje.umw.edu.pl\/eksperymentymedyczne\/program\/\" title=\"Program\">Dowiedz si\u0119 wi\u0119cej<\/a><\/div>\n","protected":false},"author":21,"featured_media":0,"parent":0,"menu_order":0,"comment_status":"closed","ping_status":"closed","template":"","meta":{"footnotes":""},"class_list":["post-259","page","type-page","status-publish","hentry"],"_links":{"self":[{"href":"https:\/\/konferencje.umw.edu.pl\/eksperymentymedyczne\/wp-json\/wp\/v2\/pages\/259","targetHints":{"allow":["GET"]}}],"collection":[{"href":"https:\/\/konferencje.umw.edu.pl\/eksperymentymedyczne\/wp-json\/wp\/v2\/pages"}],"about":[{"href":"https:\/\/konferencje.umw.edu.pl\/eksperymentymedyczne\/wp-json\/wp\/v2\/types\/page"}],"author":[{"embeddable":true,"href":"https:\/\/konferencje.umw.edu.pl\/eksperymentymedyczne\/wp-json\/wp\/v2\/users\/21"}],"replies":[{"embeddable":true,"href":"https:\/\/konferencje.umw.edu.pl\/eksperymentymedyczne\/wp-json\/wp\/v2\/comments?post=259"}],"version-history":[{"count":8,"href":"https:\/\/konferencje.umw.edu.pl\/eksperymentymedyczne\/wp-json\/wp\/v2\/pages\/259\/revisions"}],"predecessor-version":[{"id":483,"href":"https:\/\/konferencje.umw.edu.pl\/eksperymentymedyczne\/wp-json\/wp\/v2\/pages\/259\/revisions\/483"}],"wp:attachment":[{"href":"https:\/\/konferencje.umw.edu.pl\/eksperymentymedyczne\/wp-json\/wp\/v2\/media?parent=259"}],"curies":[{"name":"wp","href":"https:\/\/api.w.org\/{rel}","templated":true}]}}