{"id":383,"date":"2024-04-22T14:13:30","date_gmt":"2024-04-22T12:13:30","guid":{"rendered":"https:\/\/konferencje.umw.edu.pl\/eksperymentymedyczne\/?page_id=383"},"modified":"2024-04-29T08:34:28","modified_gmt":"2024-04-29T06:34:28","slug":"prelegenci","status":"publish","type":"page","link":"https:\/\/konferencje.umw.edu.pl\/eksperymentymedyczne\/prelegenci\/","title":{"rendered":"Prelegenci"},"content":{"rendered":"<p><img loading=\"lazy\" decoding=\"async\" class=\"alignnone size-medium wp-image-385\" src=\"https:\/\/konferencje.umw.edu.pl\/eksperymentymedyczne\/wp-content\/uploads\/sites\/22\/2024\/04\/IMG_0737s-254x300.jpg\" alt=\"\" width=\"254\" height=\"300\" srcset=\"https:\/\/konferencje.umw.edu.pl\/eksperymentymedyczne\/wp-content\/uploads\/sites\/22\/2024\/04\/IMG_0737s-254x300.jpg 254w, https:\/\/konferencje.umw.edu.pl\/eksperymentymedyczne\/wp-content\/uploads\/sites\/22\/2024\/04\/IMG_0737s-867x1024.jpg 867w, https:\/\/konferencje.umw.edu.pl\/eksperymentymedyczne\/wp-content\/uploads\/sites\/22\/2024\/04\/IMG_0737s-768x907.jpg 768w, https:\/\/konferencje.umw.edu.pl\/eksperymentymedyczne\/wp-content\/uploads\/sites\/22\/2024\/04\/IMG_0737s-1301x1536.jpg 1301w, https:\/\/konferencje.umw.edu.pl\/eksperymentymedyczne\/wp-content\/uploads\/sites\/22\/2024\/04\/IMG_0737s-1734x2048.jpg 1734w, https:\/\/konferencje.umw.edu.pl\/eksperymentymedyczne\/wp-content\/uploads\/sites\/22\/2024\/04\/IMG_0737s-98x116.jpg 98w\" sizes=\"auto, (max-width: 254px) 100vw, 254px\" \/> Dr hab. Tomasz Jurek, prof. Uczelni UMW<\/p>\n<p style=\"margin-top: 0cm;background: white\"><span style=\"font-size: 11.0pt;font-family: 'Arial',sans-serif;color: #2c363a\">Dr hab n. med. Tomasz Jurek, prof. Uczelni, lekarz, specjalista medycyny s\u0105dowej posiadaj\u0105cy wykszta\u0142cenie prawnicze. Przewodnicz\u0105cy Komisji Bioetycznej przy Uniwersytecie Medycznym im. Piast\u00f3w \u015al\u0105skich we Wroc\u0142awiu. Od ponad 20 lat dydaktycznie i naukowo zajmuje si\u0119 prawem medycznym i opiniowaniem s\u0105dowo-lekarskim. Autor ponad 200 opracowa\u0144 naukowych, wsp\u00f3\u0142tw\u00f3rca Zak\u0142adu Prawa Medycznego i wieloletni kierownik Katedry Medycyny S\u0105dowej UMW. Wyk\u0142adowca Krajowej Szko\u0142y S\u0105downictwa i Prokuratury oraz licznych przed i podyplomowych kurs\u00f3w z zakresu prawa medycznego.\u00a0<\/span><\/p>\n<p>&nbsp;<\/p>\n<p><img loading=\"lazy\" decoding=\"async\" class=\"alignnone size-full wp-image-388\" src=\"https:\/\/konferencje.umw.edu.pl\/eksperymentymedyczne\/wp-content\/uploads\/sites\/22\/2024\/04\/Agata-sluzbowe.jpg\" alt=\"\" width=\"236\" height=\"295\" srcset=\"https:\/\/konferencje.umw.edu.pl\/eksperymentymedyczne\/wp-content\/uploads\/sites\/22\/2024\/04\/Agata-sluzbowe.jpg 236w, https:\/\/konferencje.umw.edu.pl\/eksperymentymedyczne\/wp-content\/uploads\/sites\/22\/2024\/04\/Agata-sluzbowe-93x116.jpg 93w\" sizes=\"auto, (max-width: 236px) 100vw, 236px\" \/> Dr hab. Agata Wnukiewicz &#8211; Koz\u0142owska, Uniwersytet Wroc\u0142awski<\/p>\n<p>Dr hab. Agata Wnukiewicz-Koz\u0142owska. Kierownik Interdyscyplinarnej Pracowni Prawa Medycznego i Bioetyki na Wydziale Prawa, Administracji i Ekonomii Uniwersytetu Wroc\u0142awskiego (od 2013 r.). Kierownik Studi\u00f3w Podyplomowych Prawa Medycznego i Bioetyki na Wydziale Prawa, Administracji i Ekonomii Uniwersytetu Wroc\u0142awskiego (od 2013 r.). Wyk\u0142adowca na kursach z prawa medycznego dla lekarzy i radc\u00f3w prawnych. Autor, wsp\u00f3\u0142autor i redaktor publikacji ksi\u0105\u017ckowych i artyku\u0142\u00f3w naukowych oraz popularyzatorskich w zakresie prawa medycznego, w tym np.: \u201e<em>Eksperyment medyczny na organizmie ludzkim w prawie mi\u0119dzynarodowym i europejskim<\/em>\u201d, Warszawa 2004; \u201e<em>Autonomia jednostki w mi\u0119dzynarodowym prawie biomedycznym<\/em>\u201d, Wroc\u0142aw 2019; \u201e<em>Spory medyczne<\/em>\u201d (red.), Wroc\u0142aw 2021; \u201e<em>Modelowe rozwi\u0105zania w\u00a0zakresie organizacji i\u00a0funkcjonowania polskiego narodowego (centralnego) komitetu bioetyki\u201d Etyka <\/em>2021, 60, 1, s. 31-65 (wsp\u00f3\u0142autorstwo z J. Borysowski); \u201e<em>Legal regulations, ethical guidelines and recent policies to increase transparency of clinical trials<\/em><br \/>\nBritish Journal of Clinical Pharmacology\u201d, 2020, 86, 4, s. 679-686 (wsp\u00f3\u0142autorstwo z J. Borysowski i A. G\u00f3rski); rozdzia\u0142 o badaniach klinicznych doros\u0142ych (wsp\u00f3\u0142autorstwo z M. \u015awiderska) oraz o terapii eksperymentalnej (wsp\u00f3\u0142autorstwo z J. Borysowki i A. G\u00f3rski) w Systemie Prawa Medycznego, t.II (2018) i t. IV (2019), wyd. Beck. Cz\u0142onek Odwo\u0142awczej Komisji Bioetycznej przy Ministrze Zdrowia w latach 2016-2023. Cz\u0142onek Komisji ds. etyki bada\u0144 z udzia\u0142em ludzi w Uniwersytecie Wroc\u0142awskim (od 2017 r.).<\/p>\n<p>&nbsp;<\/p>\n<p><img loading=\"lazy\" decoding=\"async\" class=\"alignnone size-medium wp-image-400\" src=\"https:\/\/konferencje.umw.edu.pl\/eksperymentymedyczne\/wp-content\/uploads\/sites\/22\/2024\/04\/G7A2656-214x300.jpg\" alt=\"\" width=\"214\" height=\"300\" srcset=\"https:\/\/konferencje.umw.edu.pl\/eksperymentymedyczne\/wp-content\/uploads\/sites\/22\/2024\/04\/G7A2656-214x300.jpg 214w, https:\/\/konferencje.umw.edu.pl\/eksperymentymedyczne\/wp-content\/uploads\/sites\/22\/2024\/04\/G7A2656-731x1024.jpg 731w, https:\/\/konferencje.umw.edu.pl\/eksperymentymedyczne\/wp-content\/uploads\/sites\/22\/2024\/04\/G7A2656-768x1075.jpg 768w, https:\/\/konferencje.umw.edu.pl\/eksperymentymedyczne\/wp-content\/uploads\/sites\/22\/2024\/04\/G7A2656-1097x1536.jpg 1097w, https:\/\/konferencje.umw.edu.pl\/eksperymentymedyczne\/wp-content\/uploads\/sites\/22\/2024\/04\/G7A2656-1463x2048.jpg 1463w, https:\/\/konferencje.umw.edu.pl\/eksperymentymedyczne\/wp-content\/uploads\/sites\/22\/2024\/04\/G7A2656-83x116.jpg 83w, https:\/\/konferencje.umw.edu.pl\/eksperymentymedyczne\/wp-content\/uploads\/sites\/22\/2024\/04\/G7A2656-scaled.jpg 1828w\" sizes=\"auto, (max-width: 214px) 100vw, 214px\" \/> r.pr. Anna Ole\u0144ska, UMW<\/p>\n<p>Anna Ole\u0144ska &#8211; Dyrektor ds. Prawnych Uniwersytetu Medycznego im. Piast\u00f3w \u015al\u0105skich we Wroc\u0142awiu. Absolwentka Wydzia\u0142u Prawa Uniwersytetu Jagiello\u0144skiego. Radca prawny od 2008 roku. Specjalizuje si\u0119 w obs\u0142udze prawnej uczelni wy\u017cszych, cz\u0142onek komisji statutowej oraz zespo\u0142\u00f3w opracowuj\u0105cych wewn\u0119trzne akty prawne uczelni. W pracy podejmuje m.in. tematyk\u0119 prowadzenia bada\u0144 eksperyment\u00f3w medycznych i\u00a0 bada\u0144 klinicznych przez uczelnie wy\u017csze.<\/p>\n<p>&nbsp;<\/p>\n<p><img loading=\"lazy\" decoding=\"async\" class=\"alignnone size-medium wp-image-391\" src=\"https:\/\/konferencje.umw.edu.pl\/eksperymentymedyczne\/wp-content\/uploads\/sites\/22\/2024\/04\/zdjecie-210x300.jpg\" alt=\"\" width=\"210\" height=\"300\" srcset=\"https:\/\/konferencje.umw.edu.pl\/eksperymentymedyczne\/wp-content\/uploads\/sites\/22\/2024\/04\/zdjecie-210x300.jpg 210w, https:\/\/konferencje.umw.edu.pl\/eksperymentymedyczne\/wp-content\/uploads\/sites\/22\/2024\/04\/zdjecie-81x116.jpg 81w, https:\/\/konferencje.umw.edu.pl\/eksperymentymedyczne\/wp-content\/uploads\/sites\/22\/2024\/04\/zdjecie.jpg 350w\" sizes=\"auto, (max-width: 210px) 100vw, 210px\" \/> Mgr Iwona Pilarska \u2013 IOD UMW<\/p>\n<p>Iwona Pilarska &#8211; Prawnik, Inspektor Ochrony Danych w Uniwersytecie Medycznym we Wroc\u0142awiu i innych podmiotach publicznych, w tym jednostkach samorz\u0105du terytorialnego, z wieloletni\u0105 praktyk\u0105 w obszarze ochrony danych osobowych w medycznych badaniach naukowych. Specjalistyczn\u0105 wiedz\u0119 z zakresu ochrony danych w sektorze medycznym uzupe\u0142nia\u0142a na studiach obejmuj\u0105cych zarz\u0105dzanie i prowadzenie bada\u0144 klinicznych, a tak\u017ce zdobywaj\u0105c do\u015bwiadczenie jako specjalista ds. jako\u015bci bada\u0144 klinicznych. Wsp\u00f3\u0142za\u0142o\u017cyciel i cz\u0142onek Og\u00f3lnopolskiego Stowarzyszenia Ochrony Danych Osobowych w Sektorze Medyczny (OSODO). Wsp\u00f3\u0142pracowa\u0142a przy powstawaniu \u00a0kodeks\u00f3w post\u0119powania w obszarze ochrony danych osobowych dla uczelni medycznych i przetwarzania dla cel\u00f3w bada\u0144 naukowych przez biobanki.<\/p>\n<p>&nbsp;<\/p>\n<p><img loading=\"lazy\" decoding=\"async\" class=\"alignnone size-medium wp-image-393\" src=\"https:\/\/konferencje.umw.edu.pl\/eksperymentymedyczne\/wp-content\/uploads\/sites\/22\/2024\/04\/Krzysztof-Tomaszewicz-200x300.jpg\" alt=\"\" width=\"200\" height=\"300\" srcset=\"https:\/\/konferencje.umw.edu.pl\/eksperymentymedyczne\/wp-content\/uploads\/sites\/22\/2024\/04\/Krzysztof-Tomaszewicz-200x300.jpg 200w, https:\/\/konferencje.umw.edu.pl\/eksperymentymedyczne\/wp-content\/uploads\/sites\/22\/2024\/04\/Krzysztof-Tomaszewicz-683x1024.jpg 683w, https:\/\/konferencje.umw.edu.pl\/eksperymentymedyczne\/wp-content\/uploads\/sites\/22\/2024\/04\/Krzysztof-Tomaszewicz-768x1152.jpg 768w, https:\/\/konferencje.umw.edu.pl\/eksperymentymedyczne\/wp-content\/uploads\/sites\/22\/2024\/04\/Krzysztof-Tomaszewicz-1024x1536.jpg 1024w, https:\/\/konferencje.umw.edu.pl\/eksperymentymedyczne\/wp-content\/uploads\/sites\/22\/2024\/04\/Krzysztof-Tomaszewicz-1365x2048.jpg 1365w, https:\/\/konferencje.umw.edu.pl\/eksperymentymedyczne\/wp-content\/uploads\/sites\/22\/2024\/04\/Krzysztof-Tomaszewicz-77x116.jpg 77w, https:\/\/konferencje.umw.edu.pl\/eksperymentymedyczne\/wp-content\/uploads\/sites\/22\/2024\/04\/Krzysztof-Tomaszewicz-scaled.jpg 1707w\" sizes=\"auto, (max-width: 200px) 100vw, 200px\" \/> Krzysztof Tomaszewicz, Z-ca Dyrektora Biura, Dzia\u0142 Ubezpiecze\u0144 Bada\u0144 i Eksperyment\u00f3w, Mentor SA<\/p>\n<p>Krzysztof Tomaszewicz &#8211; Z-ca Dyrektora Biura ds. Ubezpiecze\u0144 Bada\u0144 i Eksperyment\u00f3w, Biuro Ubezpiecze\u0144 Medycznych, Dzia\u0142 Ubezpiecze\u0144 Bada\u0144 i Eksperyment\u00f3w w Mentor S.A. Broker z 18 letnim do\u015bwiadczeniem, studia podyplomowe \u201eOrganizacja i zarz\u0105dzanie badaniami klinicznymi\u201d Uczelnia \u0141azarskiego w Warszawie. Certyfikat Good Clinical Practice (Zasady Dobrej Praktyki Klinicznej). Ekspert ds. ubezpiecze\u0144 eksperyment\u00f3w medycznych, w tym komercyjnych i niekomercyjnych bada\u0144 klinicznych, medycyny cyfrowej, bran\u017cy life sciences.<\/p>\n<p>&nbsp;<\/p>\n<p><img loading=\"lazy\" decoding=\"async\" class=\"alignnone size-medium wp-image-392\" src=\"https:\/\/konferencje.umw.edu.pl\/eksperymentymedyczne\/wp-content\/uploads\/sites\/22\/2024\/04\/kamila_03-200x300.jpg\" alt=\"\" width=\"200\" height=\"300\" srcset=\"https:\/\/konferencje.umw.edu.pl\/eksperymentymedyczne\/wp-content\/uploads\/sites\/22\/2024\/04\/kamila_03-200x300.jpg 200w, https:\/\/konferencje.umw.edu.pl\/eksperymentymedyczne\/wp-content\/uploads\/sites\/22\/2024\/04\/kamila_03-682x1024.jpg 682w, https:\/\/konferencje.umw.edu.pl\/eksperymentymedyczne\/wp-content\/uploads\/sites\/22\/2024\/04\/kamila_03-768x1153.jpg 768w, https:\/\/konferencje.umw.edu.pl\/eksperymentymedyczne\/wp-content\/uploads\/sites\/22\/2024\/04\/kamila_03-1024x1536.jpg 1024w, https:\/\/konferencje.umw.edu.pl\/eksperymentymedyczne\/wp-content\/uploads\/sites\/22\/2024\/04\/kamila_03-1365x2048.jpg 1365w, https:\/\/konferencje.umw.edu.pl\/eksperymentymedyczne\/wp-content\/uploads\/sites\/22\/2024\/04\/kamila_03-77x116.jpg 77w, https:\/\/konferencje.umw.edu.pl\/eksperymentymedyczne\/wp-content\/uploads\/sites\/22\/2024\/04\/kamila_03.jpg 1466w\" sizes=\"auto, (max-width: 200px) 100vw, 200px\" \/> r.pr. Kamila Cal-Ca\u0142ko, Dyrektor Oddzia\u0142u Mentor SA we Wroc\u0142awiu<\/p>\n<p>Kamila Cal-Ca\u0142ko \u2013 Dyrektor Oddzia\u0142u Mentor SA we Wroc\u0142awiu. Jako broker specjalizuj\u0119 si\u0119 m.in.\u00a0 w obs\u0142udze podmiot\u00f3w leczniczych pod k\u0105tem szacowania ryzyka i ubezpiecze\u0144 jak r\u00f3wnie\u017c reprezentacji podmiot\u00f3w leczniczych w post\u0119powaniach odszkodowawczych przez towarzystwem ubezpieczeniowym. Jest cz\u0142onkiem Okr\u0119gowej Izby Radc\u00f3w Prawnych we Wroc\u0142awiu oraz Koordynatorem Sekcji Prawa Medycznego przy OIRP we Wroc\u0142awiu.<\/p>\n<p>&nbsp;<\/p>\n<p><img loading=\"lazy\" decoding=\"async\" class=\"alignnone size-full wp-image-394\" src=\"https:\/\/konferencje.umw.edu.pl\/eksperymentymedyczne\/wp-content\/uploads\/sites\/22\/2024\/04\/zdjecie-s.png\" alt=\"\" width=\"300\" height=\"300\" srcset=\"https:\/\/konferencje.umw.edu.pl\/eksperymentymedyczne\/wp-content\/uploads\/sites\/22\/2024\/04\/zdjecie-s.png 300w, https:\/\/konferencje.umw.edu.pl\/eksperymentymedyczne\/wp-content\/uploads\/sites\/22\/2024\/04\/zdjecie-s-150x150.png 150w, https:\/\/konferencje.umw.edu.pl\/eksperymentymedyczne\/wp-content\/uploads\/sites\/22\/2024\/04\/zdjecie-s-116x116.png 116w\" sizes=\"auto, (max-width: 300px) 100vw, 300px\" \/>Prof. dr hab. Jaros\u0142aw Bara\u0144ski, UMW<\/p>\n<p>Jaros\u0142aw Bara\u0144ski, dr hab., filozof, etyk, estetyk, kierownik Studium Nauk Humanistycznych i Spo\u0142ecznych Uniwersytetu Medycznego we Wroc\u0142awiu. Autor ksi\u0105\u017cek, m.in.: \u201e\u015amier\u0107 i zmys\u0142y\u201d, \u201eSztuka jako nieporozumienie\u201d, \u201eCia\u0142o i sztuka leczenia\u201d, \u201eUtopia zmedykalizowana\u201d, \u201eMa\u0142e etyki w pracy piel\u0119gniarki i po\u0142o\u017cnej\u201d, \u201eFilozofia moralna jako \u017ar\u00f3d\u0142o etyki lekarskiej\u201d, a tak\u017ce wsp\u00f3\u0142redaktor podr\u0119cznik\u00f3w z zakresu komunikacji lekarz-pacjent, ostatnio: \u201eKomunikowania si\u0119 lekarza i pacjenta w medycynie rodzinnej\u201d.<br \/>\nCz\u0142onek rady naukowej Towarzystwa Komunikacji Medycznej; cz\u0142onek Zespo\u0142u J\u0119zyka Medycznego Rady J\u0119zyka Polskiego PAN, Komisji Ergonomii Wieku Podesz\u0142ego PAN.<\/p>\n<p>&nbsp;<\/p>\n<p><img loading=\"lazy\" decoding=\"async\" class=\"alignnone size-medium wp-image-395\" src=\"https:\/\/konferencje.umw.edu.pl\/eksperymentymedyczne\/wp-content\/uploads\/sites\/22\/2024\/04\/foto-215x300.jpg\" alt=\"\" width=\"215\" height=\"300\" srcset=\"https:\/\/konferencje.umw.edu.pl\/eksperymentymedyczne\/wp-content\/uploads\/sites\/22\/2024\/04\/foto-215x300.jpg 215w, https:\/\/konferencje.umw.edu.pl\/eksperymentymedyczne\/wp-content\/uploads\/sites\/22\/2024\/04\/foto-83x116.jpg 83w, https:\/\/konferencje.umw.edu.pl\/eksperymentymedyczne\/wp-content\/uploads\/sites\/22\/2024\/04\/foto.jpg 449w\" sizes=\"auto, (max-width: 215px) 100vw, 215px\" \/> Dr hab. Rafa\u0142 Kubiak, prof. Uczelni, Uniwersytet \u0141\u00f3dzki<\/p>\n<p>Dr hab. n. prawn. Rafa\u0142 Kubiak, prof. U\u0141 i prof. UM w \u0141odzi, uko\u0144czy\u0142 Wydzia\u0142 Prawa i Administracji Uniwersytetu \u0141\u00f3dzkiego, gdzie tak\u017ce uzyska\u0142 stopie\u0144 doktora nauk prawnych w zakresie prawa oraz stopie\u0144 naukowy doktora habilitowanego. Aktualnie jest kierownikiem Zak\u0142adu Prawa Medycznego Uniwersytetu Medycznego w \u0141odzi oraz kierownikiem Katedry Prawa Karnego Uniwersytetu \u0141\u00f3dzkiego, a tak\u017ce zajmuje stanowisko Dyrektora Centrum Egzamin\u00f3w Medycznych w \u0141odzi. Ponadto jest cz\u0142onkiem komisji bioetycznej Instytutu Medycyny Pracy w \u0141odzi oraz komisji etyki bada\u0144 naukowych Uniwersytetu \u0141\u00f3dzkiego i Komitetu Bioetyki PAN. Jest tak\u017ce bieg\u0142ym s\u0105dowym z zakresu prawa medycznego przy S\u0105dzie Okr\u0119gowym w \u0141odzi. Specjalizuje si\u0119 w zakresie karnej odpowiedzialno\u015bci pracownik\u00f3w medycznych, praw pacjenta i pracownik\u00f3w medycznych oraz ich prawnej ochrony, a tak\u017ce unormowa\u0144 prawnych dotycz\u0105cych czynno\u015bci nieterapeutycznych.<\/p>\n","protected":false},"excerpt":{"rendered":"<p>Dr hab. Tomasz Jurek, prof. Uczelni UMW Dr hab n. med. Tomasz Jurek, prof. Uczelni, lekarz, specjalista medycyny s\u0105dowej posiadaj\u0105cy wykszta\u0142cenie prawnicze. Przewodnicz\u0105cy Komisji Bioetycznej przy Uniwersytecie Medycznym im. Piast\u00f3w \u015al\u0105skich we Wroc\u0142awiu. Od ponad 20 lat dydaktycznie i naukowo zajmuje si\u0119 prawem medycznym i opiniowaniem s\u0105dowo-lekarskim. Autor ponad 200 opracowa\u0144 naukowych, wsp\u00f3\u0142tw\u00f3rca Zak\u0142adu Prawa<\/p>\n<div><a class=\"btn-filled btn\" href=\"https:\/\/konferencje.umw.edu.pl\/eksperymentymedyczne\/prelegenci\/\" title=\"Prelegenci\">Dowiedz si\u0119 wi\u0119cej<\/a><\/div>\n","protected":false},"author":21,"featured_media":0,"parent":0,"menu_order":0,"comment_status":"closed","ping_status":"closed","template":"","meta":{"footnotes":""},"class_list":["post-383","page","type-page","status-publish","hentry"],"_links":{"self":[{"href":"https:\/\/konferencje.umw.edu.pl\/eksperymentymedyczne\/wp-json\/wp\/v2\/pages\/383","targetHints":{"allow":["GET"]}}],"collection":[{"href":"https:\/\/konferencje.umw.edu.pl\/eksperymentymedyczne\/wp-json\/wp\/v2\/pages"}],"about":[{"href":"https:\/\/konferencje.umw.edu.pl\/eksperymentymedyczne\/wp-json\/wp\/v2\/types\/page"}],"author":[{"embeddable":true,"href":"https:\/\/konferencje.umw.edu.pl\/eksperymentymedyczne\/wp-json\/wp\/v2\/users\/21"}],"replies":[{"embeddable":true,"href":"https:\/\/konferencje.umw.edu.pl\/eksperymentymedyczne\/wp-json\/wp\/v2\/comments?post=383"}],"version-history":[{"count":4,"href":"https:\/\/konferencje.umw.edu.pl\/eksperymentymedyczne\/wp-json\/wp\/v2\/pages\/383\/revisions"}],"predecessor-version":[{"id":401,"href":"https:\/\/konferencje.umw.edu.pl\/eksperymentymedyczne\/wp-json\/wp\/v2\/pages\/383\/revisions\/401"}],"wp:attachment":[{"href":"https:\/\/konferencje.umw.edu.pl\/eksperymentymedyczne\/wp-json\/wp\/v2\/media?parent=383"}],"curies":[{"name":"wp","href":"https:\/\/api.w.org\/{rel}","templated":true}]}}